{"id":2947,"date":"2022-03-22T14:46:52","date_gmt":"2022-03-22T13:46:52","guid":{"rendered":"https:\/\/scana.no\/about-scana\/board-and-management\/"},"modified":"2026-04-15T09:38:08","modified_gmt":"2026-04-15T07:38:08","slug":"board-and-management","status":"publish","type":"page","link":"https:\/\/scana.no\/no\/about-scana\/board-and-management\/","title":{"rendered":"Styret og ledelse"},"content":{"rendered":"\n<p>Scanas hovedkontor ligger i Bergen, Norge, og best\u00e5r hovedsakelig av konsernledelse og \u00f8konomifunksjoner.<\/p>\n\n\n<section class=\"employee-container\"><h2 class=\"employee-header\">Styret<\/h2><div class=\"employee-grid\"><div class=\"employee-card\">\n                <div class=\"employee-image-wrapper\">\n                    <img decoding=\"async\" src=\"https:\/\/scana.no\/wp-content\/uploads\/2024\/12\/Stig-Vangen-no-bg-for-Web.jpg\" alt=\"Bilde av Stig Tore Vangen\" loading=\"lazy\" \/>\n                <\/div>\n                <div class=\"employee-info-and-bio\">\n                    <div class=\"employee-info\">\n                        <h3 class=\"employee-name\">Stig Tore Vangen<\/h3>\n                        <p class=\"employee-position\">Styreleder<\/p>\n                        \n                    <\/div>\n                    <div class=\"employee-bio-wrapper\">\n                        <p class=\"employee-bio\">Stig Tore Vangen (f. 1979) er investeringsdirekt\u00f8r i Rederiet Odfjell AS. F\u00f8r han begynte i Rederiet Odfjell AS, var han finansdirekt\u00f8r (CFO) i Perestroika AS og tilbrakte syv \u00e5r som CFO i Wilson ASA, Europas st\u00f8rste shortsea-rederi. Vangen har ogs\u00e5 15 \u00e5rs erfaring fra bank- og finanssektoren, hvor han hadde ulike lederroller i investeringsbanker f\u00f8r han begynte i Wilson. Han har hatt og har fortsatt flere styreverv. Han har en Master of Science (M.Sc.) i finans fra EU Business School i Barcelona. Han har v\u00e6rt styreleder siden 2024.<\/p>\n                    <\/div>\n                <\/div>\n            <\/div><div class=\"employee-card\">\n                <div class=\"employee-image-wrapper\">\n                    <img decoding=\"async\" src=\"https:\/\/scana.no\/wp-content\/uploads\/2023\/08\/Scana-\u2013-Board-Management_2024_Bjorn.png\" alt=\"Bilde av Bj\u00f8rn Gabriel Reed\" loading=\"lazy\" \/>\n                <\/div>\n                <div class=\"employee-info-and-bio\">\n                    <div class=\"employee-info\">\n                        <h3 class=\"employee-name\">Bj\u00f8rn Gabriel Reed<\/h3>\n                        <p class=\"employee-position\">Styremedlem<\/p>\n                        \n                    <\/div>\n                    <div class=\"employee-bio-wrapper\">\n                        <p class=\"employee-bio\">Bj\u00f8rn Gabriel Reed (f. 1958) har praktisert som forretningsadvokat i Oslo siden 1984, prim\u00e6rt som partner, managing partner og senior partner i advokatfirmaet BAHR. Han jobber n\u00e5 som uavhengig r\u00e5dgiver og voldgiftsdommer for norske og internasjonale oppdrag. Gjennom \u00e5rene har Reed hatt styreverv i industrielle, finansielle og kommersielle b\u00f8rsnoterte og unoterte selskaper. Styremedlem siden 2023.<\/p>\n                    <\/div>\n                <\/div>\n            <\/div><div class=\"employee-card\">\n                <div class=\"employee-image-wrapper\">\n                    <img decoding=\"async\" src=\"https:\/\/scana.no\/wp-content\/uploads\/2022\/12\/Fotograf-Trude-Brun-Wilhelmsen-4-scaled-e1743412766300.jpg\" alt=\"Bilde av Silje Christine Augustson\" loading=\"lazy\" \/>\n                <\/div>\n                <div class=\"employee-info-and-bio\">\n                    <div class=\"employee-info\">\n                        <h3 class=\"employee-name\">Silje Christine Augustson<\/h3>\n                        <p class=\"employee-position\">Styremedlem<\/p>\n                        \n                    <\/div>\n                    <div class=\"employee-bio-wrapper\">\n                        <p class=\"employee-bio\">Silje Christine Augustson (f. 1974) startet sin karriere i JP Morgan i London og har 25 \u00e5rs internasjonal erfaring fra investment banking, den alternative investeringsindustrien, private investeringsselskaper, samt lederroller innen industri og entrepren\u00f8rskap. Augustson har 20 \u00e5rs erfaring som styremedlem i b\u00f8rsnoterte og private selskaper, inkludert som styreleder og senere CEO i Noreco ASA (n\u00e5 BlueNord ASA), samt styremedlem i Panoro Energy ASA. Hun er i dag styreleder i Otello Corporation ASA, samt styremedlem i Ahlstr\u00f8m Invest B.V., Bemobi Mobile Tech S.p.A. og Nos Nova AS. I tillegg driver hun egen virksomhet innen kl\u00e6r og r\u00e5dgivning med fokus p\u00e5 b\u00e6rekraft. Hun har en mastergrad i management fra ESCP i Paris og en bachelorgrad i \u00f8konomi fra UT1, University of Toulouse. Styremedlem siden 2024.<\/p>\n                    <\/div>\n                <\/div>\n            <\/div><div class=\"employee-card\">\n                <div class=\"employee-image-wrapper\">\n                    <img decoding=\"async\" src=\"https:\/\/scana.no\/wp-content\/uploads\/2022\/12\/Scana-\u2013-Board-Management_2024_Morten.png\" alt=\"Bilde av Morten Blix\" loading=\"lazy\" \/>\n                <\/div>\n                <div class=\"employee-info-and-bio\">\n                    <div class=\"employee-info\">\n                        <h3 class=\"employee-name\">Morten Blix<\/h3>\n                        <p class=\"employee-position\">Styremedlem<\/p>\n                        \n                    <\/div>\n                    <div class=\"employee-bio-wrapper\">\n                        <p class=\"employee-bio\">Morten Blix (f. 1961) var medgr\u00fcnder av Herkules Private Equity Fund i 2003, og var ansvarlig partner for investeringene i PSW og Scana. Han har omfattende investeringserfaring fra 14 \u00e5r i Orklas avdeling for finansielle investeringer fra 1987 til 2001. Blix har v\u00e6rt involvert i et bredt spekter av investeringsaktiviteter, inkludert private equity-investeringer de senere \u00e5rene. Gjennom sitt styre- og revisjonsutvalgsarbeid har han opparbeidet kompetanse innen CSRD, dobbel vesentlighetsanalyse og oppf\u00f8lging av b\u00e6rekraftsrapportering. Styremedlem siden 2023.<\/p>\n                    <\/div>\n                <\/div>\n            <\/div><div class=\"employee-card\">\n                <div class=\"employee-image-wrapper\">\n                    <img decoding=\"async\" src=\"https:\/\/scana.no\/wp-content\/uploads\/2022\/12\/Fotograf-Trude-Brun-Wilhelmsen-2-scaled-e1746601458547.jpg\" alt=\"Bilde av Ida Ianssen Lundh\" loading=\"lazy\" \/>\n                <\/div>\n                <div class=\"employee-info-and-bio\">\n                    <div class=\"employee-info\">\n                        <h3 class=\"employee-name\">Ida Ianssen Lundh<\/h3>\n                        <p class=\"employee-position\">Styremedlem<\/p>\n                        \n                    <\/div>\n                    <div class=\"employee-bio-wrapper\">\n                        <p class=\"employee-bio\">Ida Ianssen Lundh (f. 1987) er Senior Vice President Subsurface i OKEA ASA. Hun har tidligere v\u00e6rt VP Business Development og VP Drilling & Wells i OKEA ASA. Hun har ogs\u00e5 erfaring fra Det norske oljeselskap, Norske Shell og Shell Global Solutions. Med over 10 \u00e5rs erfaring fra olje- og gassindustrien har hun bred nasjonal og internasjonal erfaring og innsikt innen selskaps- og prosjektledelse, teknologi og M&A. Hun har tidligere hatt flere styreverv, og har en mastergrad i petroleumsteknologi fra NTNU\/Colorado School of Mines. Gjennom sitt styre- og revisjonsutvalgsarbeid har hun opparbeidet kompetanse innen CSRD, dobbel vesentlighetsanalyse og oppf\u00f8lging av b\u00e6rekraftsrapportering. Styremedlem siden 2022.<\/p>\n                    <\/div>\n                <\/div>\n            <\/div><\/div>\n        <\/section>\n\n\n<section class=\"employee-container\"><h2 class=\"employee-header\">Ledelsen<\/h2><div class=\"employee-grid\"><div class=\"employee-card\">\n                <div class=\"employee-image-wrapper\">\n                    <img decoding=\"async\" src=\"https:\/\/scana.no\/wp-content\/uploads\/2023\/02\/Scana-\u2013-Board-Management_2024_Baste.png\" alt=\"Bilde av Baste Tveito\" loading=\"lazy\" \/>\n                <\/div>\n                <div class=\"employee-info-and-bio\">\n                    <div class=\"employee-info\">\n                        <h3 class=\"employee-name\">Baste Tveito<\/h3>\n                        <p class=\"employee-position\">Chief Executive Officer (CEO)<\/p>\n                        \n                    <\/div>\n                    <div class=\"employee-bio-wrapper\">\n                        <p class=\"employee-bio\">Baste Tveito (f. 1964) har bred erfaring fra topplederstillinger innen olje og gass, systemindustri og flere n\u00e6ringsorganisasjoner. Han har internasjonal salgs- og forhandlingserfaring og har bygget opp og kommersialisert flere produkter fra forskning og utvikling til ferdige systeml\u00f8sninger.<\/p>\n                    <\/div>\n                <\/div>\n            <\/div><div class=\"employee-card\">\n                <div class=\"employee-image-wrapper\">\n                    <img decoding=\"async\" src=\"https:\/\/scana.no\/wp-content\/uploads\/2025\/03\/Morten-Riiser_Fotograf-Trude-Brun-Wilhelmsen-18-2-scaled-e1743196391923.jpg\" alt=\"Bilde av Morten Riiser\" loading=\"lazy\" \/>\n                <\/div>\n                <div class=\"employee-info-and-bio\">\n                    <div class=\"employee-info\">\n                        <h3 class=\"employee-name\">Morten Riiser<\/h3>\n                        <p class=\"employee-position\">Chief Financial Officer<\/p>\n                        \n                    <\/div>\n                    <div class=\"employee-bio-wrapper\">\n                        <p class=\"employee-bio\">Morten Riiser (f. 1984) har en solid bakgrunn innen finans og forretningsledelse, og har tidligere v\u00e6rt \u00f8konomidirekt\u00f8r (CFO) i End\u00far ASA. F\u00f8r dette arbeidet han i flere \u00e5r med revisjon i KPMG Norge. Hans erfaring omfatter et bredt spekter av bransjer, inkludert oljeservice, offshore og maritim industri. Han har en mastergrad i regnskap og revisjon, og er ogs\u00e5 statsautorisert revisor.<\/p>\n                    <\/div>\n                <\/div>\n            <\/div><div class=\"employee-card\">\n                <div class=\"employee-image-wrapper\">\n                    <img decoding=\"async\" src=\"https:\/\/scana.no\/wp-content\/uploads\/2022\/09\/Anette-Dybvik_Fotograf-Trude-Brun-Wilhelmsen-5435_pp-10-scaled.jpg\" alt=\"Bilde av Anette Netteland Dybvik\" loading=\"lazy\" \/>\n                <\/div>\n                <div class=\"employee-info-and-bio\">\n                    <div class=\"employee-info\">\n                        <h3 class=\"employee-name\">Anette Netteland Dybvik<\/h3>\n                        <p class=\"employee-position\">Head of Communication & Sustainability<\/p>\n                        \n                    <\/div>\n                    <div class=\"employee-bio-wrapper\">\n                        <p class=\"employee-bio\">Anette Netteland Dybvik (f. 1991) har en mastergrad i finans og er statsautorisert revisor. F\u00f8r hun begynte i Scana har Dybvik erfaring fra EY, hvor hun arbeidet med revisjon og transaksjoner for store norske og internasjonale selskaper innen oljeservice-, offshore- og shippingindustrien.<\/p>\n                    <\/div>\n                <\/div>\n            <\/div><div class=\"employee-card\">\n                <div class=\"employee-image-wrapper\">\n                    <img decoding=\"async\" src=\"https:\/\/scana.no\/wp-content\/uploads\/2023\/04\/Scana-\u2013-Board-Management_2024_Stian.png\" alt=\"Bilde av Stian Vikeb\u00f8\" loading=\"lazy\" \/>\n                <\/div>\n                <div class=\"employee-info-and-bio\">\n                    <div class=\"employee-info\">\n                        <h3 class=\"employee-name\">Stian Vikeb\u00f8<\/h3>\n                        <p class=\"employee-position\">General Counsel<\/p>\n                        \n                    <\/div>\n                    <div class=\"employee-bio-wrapper\">\n                        <p class=\"employee-bio\">Stian Vikeb\u00f8 (f. 1982) har en mastergrad i rettsvitenskap fra Universitetet i Bergen. Vikeb\u00f8 har mer enn 10 \u00e5rs erfaring som internjurist innen oljeservice, offshore og venturekapital, samt erfaring fra advokatfirmaene Thommessen og Arntzen de Besche.<\/p>\n                    <\/div>\n                <\/div>\n            <\/div><\/div>\n        <\/section>\n\n\n<section class=\"employee-container\"><h2 class=\"employee-header\">IR<\/h2><div class=\"employee-grid\"><div class=\"employee-card\">\n                <div class=\"employee-image-wrapper\">\n                    <img decoding=\"async\" src=\"https:\/\/scana.no\/wp-content\/uploads\/2023\/04\/Scana-\u2013-Board-Management_2024_Stian.png\" alt=\"Bilde av Stian Vikeb\u00f8\" loading=\"lazy\" \/>\n                <\/div>\n                <div class=\"employee-info-and-bio\">\n                    <div class=\"employee-info\">\n                        <h3 class=\"employee-name\">Stian Vikeb\u00f8<\/h3>\n                        <p class=\"employee-position\">General Counsel<\/p>\n                        \n                    <\/div>\n                    <div class=\"employee-bio-wrapper\">\n                        <p class=\"employee-bio\"> <\/p>\n                    <\/div>\n                <\/div>\n            <\/div><\/div>\n        <\/section>\n\n\n\n<div style=\"height:100px\" aria-hidden=\"true\" class=\"wp-block-spacer\"><\/div>\n\n\n\n<p><strong>Sist oppdatert: <\/strong>15. april 2026 klokken 09:50<\/p>\n\n\n\n<p><\/p>\n","protected":false},"excerpt":{"rendered":"<p>Scanas hovedkontor ligger i Bergen, Norge, og best\u00e5r hovedsakelig av konsernledelse og \u00f8konomifunksjoner. Sist oppdatert: 15. april 2026 klokken 09:50<\/p>\n","protected":false},"author":1,"featured_media":2874,"parent":2941,"menu_order":2,"comment_status":"closed","ping_status":"closed","template":"","meta":{"_acf_changed":false,"inline_featured_image":false,"footnotes":""},"class_list":["post-2947","page","type-page","status-publish","has-post-thumbnail","hentry"],"acf":[],"jetpack_sharing_enabled":true,"_links":{"self":[{"href":"https:\/\/scana.no\/no\/wp-json\/wp\/v2\/pages\/2947","targetHints":{"allow":["GET"]}}],"collection":[{"href":"https:\/\/scana.no\/no\/wp-json\/wp\/v2\/pages"}],"about":[{"href":"https:\/\/scana.no\/no\/wp-json\/wp\/v2\/types\/page"}],"author":[{"embeddable":true,"href":"https:\/\/scana.no\/no\/wp-json\/wp\/v2\/users\/1"}],"replies":[{"embeddable":true,"href":"https:\/\/scana.no\/no\/wp-json\/wp\/v2\/comments?post=2947"}],"version-history":[{"count":9,"href":"https:\/\/scana.no\/no\/wp-json\/wp\/v2\/pages\/2947\/revisions"}],"predecessor-version":[{"id":4621,"href":"https:\/\/scana.no\/no\/wp-json\/wp\/v2\/pages\/2947\/revisions\/4621"}],"up":[{"embeddable":true,"href":"https:\/\/scana.no\/no\/wp-json\/wp\/v2\/pages\/2941"}],"wp:featuredmedia":[{"embeddable":true,"href":"https:\/\/scana.no\/no\/wp-json\/wp\/v2\/media\/2874"}],"wp:attachment":[{"href":"https:\/\/scana.no\/no\/wp-json\/wp\/v2\/media?parent=2947"}],"curies":[{"name":"wp","href":"https:\/\/api.w.org\/{rel}","templated":true}]}}